

{"id":780,"date":"2018-07-13T17:14:47","date_gmt":"2018-07-13T15:14:11","guid":{"rendered":"https:\/\/www.schule-wollerau.ch\/primarschule\/unsere-schule\/schul-abc\/s\/"},"modified":"2019-07-10T07:51:57","modified_gmt":"2019-07-10T05:51:57","slug":"s","status":"publish","type":"page","link":"https:\/\/www.musikschule-wollerau.ch\/primarschule\/unsere-schule\/schul-abc\/s\/","title":{"rendered":"S"},"content":{"rendered":"<div class=\"row\"><div class=\"col-12 col-sm-12 col-lg-12  offset-sm-0 offset-lg-0  d-block d-sm-block d-lg-block\"><div class=\"mxm_accordion default\">\r\n\r\n    <div id=\"accordion-first\" class=\"clearfix\">\r\n        <div class=\"accordion\" id=\"#parent-id-\">\r\n                <div class=\"accordion-group\">\r\n                    <div class=\"accordion-heading\">\r\n                        <a class=\"accordion-toggle collapsed\" data-toggle=\"collapse\" data-parent=\"a\" href=\"#accordion-951\">\r\n                            <em class=\"icon-fixed-width fa fa-plus\"><\/em>\r\n                                Schularzt\r\n                        <\/a>\r\n                    <\/div>\r\n                    <div style=\"height: 0px;\" id=\"accordion-951\" class=\"accordion-body collapse \">\r\n                        <div class=\"accordion-inner\">\r\n                            <div class=\"row\"><div class=\"col-12 col-sm-12 col-lg-12  offset-sm-0 offset-lg-0  d-block d-sm-block d-lg-block\"><div class=\"mxm_wysiwyg default d-inline\">\r\n\t<p>Unsere Schul\u00e4rztin ist Frau Dr. Denise Burger-Wettstein, Hauptstrasse 38, 8832 Wollerau (044 784 00 27)<\/p>\r\n<\/div><\/div><\/div>\r\n                        <\/div>\r\n                    <\/div>\r\n                <\/div>\r\n                <div class=\"accordion-group\">\r\n                    <div class=\"accordion-heading\">\r\n                        <a class=\"accordion-toggle collapsed\" data-toggle=\"collapse\" data-parent=\"a\" href=\"#accordion-953\">\r\n                            <em class=\"icon-fixed-width fa fa-plus\"><\/em>\r\n                                Schulbus\r\n                        <\/a>\r\n                    <\/div>\r\n                    <div style=\"height: 0px;\" id=\"accordion-953\" class=\"accordion-body collapse \">\r\n                        <div class=\"accordion-inner\">\r\n                            <div class=\"row\"><div class=\"col-12 col-sm-12 col-lg-12  offset-sm-0 offset-lg-0  d-block d-sm-block d-lg-block\"><div class=\"mxm_wysiwyg default d-inline\">\r\n\t<p>Die Gemeinde Wollerau erstreckt sich vom Z\u00fcrichsee bis hinauf auf den Rossberg. Die Nutzung des Schulbusses ist Sch\u00fcler*innen aus bestimmten Einzugsgebieten vorbehalten.\u00a0<\/p><p>Berechtigte Gesuche f\u00fcr den Schulbus sind f\u00fcr das kommende Schuljahr jeweils bis sp\u00e4testens 30. April an die Schulverwaltung einzureichen.\u00a0<\/p><p>Frau Kellenberger ist unsere Schulbusfahrerin. Sie chauffiert zus\u00e4tzlich die Kinder des Kindergartens und der 1.\/2. Klasse zum Schwimmunterricht nach Wilen und zur\u00fcck.<\/p>\r\n<\/div><\/div><\/div>\r\n                        <\/div>\r\n                    <\/div>\r\n                <\/div>\r\n                <div class=\"accordion-group\">\r\n                    <div class=\"accordion-heading\">\r\n                        <a class=\"accordion-toggle collapsed\" data-toggle=\"collapse\" data-parent=\"a\" href=\"#accordion-955\">\r\n                            <em class=\"icon-fixed-width fa fa-plus\"><\/em>\r\n                                Sch\u00fclerpatrouille\r\n                        <\/a>\r\n                    <\/div>\r\n                    <div style=\"height: 0px;\" id=\"accordion-955\" class=\"accordion-body collapse \">\r\n                        <div class=\"accordion-inner\">\r\n                            <div class=\"row\"><div class=\"col-12 col-sm-12 col-lg-12  offset-sm-0 offset-lg-0  d-block d-sm-block d-lg-block\"><div class=\"mxm_wysiwyg default d-inline\">\r\n\t<p>Beim heutigen Verkehrsaufkommen ist es f\u00fcr viele Kinder schwierig, die Strassen zu \u00fcberqueren. Dank den Sch\u00fclerpatrouilleuren, welche jeweils nach den Ferien f\u00fcr die ersten f\u00fcnf Schulwochen Einsatz leisten, sorgen wir in der Umgebung der Schulh\u00e4user f\u00fcr mehr Sicherheit. 5. Kl\u00e4ssler*innen der Primarschule Wollerau leisten jedes Jahr einen wichtigen Beitrag zum Schutz aller Kameraden und anderen Fussg\u00e4ngern.<\/p>\r\n<\/div><\/div><\/div>\r\n                        <\/div>\r\n                    <\/div>\r\n                <\/div>\r\n                <div class=\"accordion-group\">\r\n                    <div class=\"accordion-heading\">\r\n                        <a class=\"accordion-toggle collapsed\" data-toggle=\"collapse\" data-parent=\"a\" href=\"#accordion-957\">\r\n                            <em class=\"icon-fixed-width fa fa-plus\"><\/em>\r\n                                Schulsozialarbeit\r\n                        <\/a>\r\n                    <\/div>\r\n                    <div style=\"height: 0px;\" id=\"accordion-957\" class=\"accordion-body collapse \">\r\n                        <div class=\"accordion-inner\">\r\n                            <div class=\"row\"><div class=\"col-12 col-sm-12 col-lg-12  offset-sm-0 offset-lg-0  d-block d-sm-block d-lg-block\"><div class=\"mxm_wysiwyg default d-inline\">\r\n\t<\/div><div class=\"col-12 col-sm-12 col-lg-12  offset-sm-0 offset-lg-0  d-block d-sm-block d-lg-block\">Das Angebot der Schulsozialarbeit dient der ganzheitlichen Jugendhilfe im Rahmen der Schule. Schulsozialarbeit hat zum Ziel, die Sozialkompetenz der Kinder und Jugendlichen zu st\u00e4rken, sie im Prozess des Erwachsenwerdens zu begleiten und ihre Kompetenzen zur L\u00f6sung von pers\u00f6nlichen und sozialen Problemen zu f\u00f6rdern.<\/div><div>\u00a0<\/div><div class=\"col-12 col-sm-12 col-lg-12  offset-sm-0 offset-lg-0  d-block d-sm-block d-lg-block\">Sie hilft zudem, Probleme fr\u00fchzeitig zu erkennen und unterst\u00fctzt unter anderem die Lehrpersonen in herausfordernden Situationen, damit diese ihre Zeit und Energie zur Hauptsache dem Unterrichten widmen k\u00f6nnen.<\/div><div>\u00a0<\/div><div class=\"col-12 col-sm-12 col-lg-12  offset-sm-0 offset-lg-0  d-block d-sm-block d-lg-block\">Sch\u00fcler*innen, Eltern und Erziehungsberechtigte, sowie Lehrpersonen sollen sich bei Problemen an eine neutrale person wenden k\u00f6nnen und m\u00f6glichst unb\u00fcrokratisch Hilfe erhalten. Die Schulsozialarbeit untersteht der beruflichen Schweigepflicht und versichert absolute Diskretion.<\/div><div>\u00a0<\/div><div class=\"col-12 col-sm-12 col-lg-12  offset-sm-0 offset-lg-0  d-block d-sm-block d-lg-block\">Herr <strong>Heiko Stiede<\/strong> ist jeweils am Dienstag, Donnerstag und Freitag an der Schule und per Mail oder telefonisch erreichbar. Sehr gerne f\u00fchrt er bei Bedarf ein pers\u00f6nliches Gespr\u00e4ch mit Ihnen.<br \/><p>&nbsp;<\/p><p><strong>Kontakt:<\/strong> <br \/><a href=\"mailto:schulsozialarbeit@schule-wollerau.ch\" target=\"_blank\" rel=\"noopener noreferrer\">schulsozialarbeit@schule-wollerau.ch<\/a><\/p><p><strong>Festnetz:<\/strong><br \/>043 787 03 47<\/p><p><strong>B\u00fcro:<\/strong><br \/>Schulhaus Runggelmatt<br \/>Zimmer 111 (1. Obergeschoss)<\/p>\r\n<\/div><\/div><\/div>\r\n                        <\/div>\r\n                    <\/div>\r\n                <\/div>\r\n                <div class=\"accordion-group\">\r\n                    <div class=\"accordion-heading\">\r\n                        <a class=\"accordion-toggle collapsed\" data-toggle=\"collapse\" data-parent=\"a\" href=\"#accordion-961\">\r\n                            <em class=\"icon-fixed-width fa fa-plus\"><\/em>\r\n                                Schulweg\r\n                        <\/a>\r\n                    <\/div>\r\n                    <div style=\"height: 0px;\" id=\"accordion-961\" class=\"accordion-body collapse \">\r\n                        <div class=\"accordion-inner\">\r\n                            <div class=\"row\"><div class=\"col-12 col-sm-12 col-lg-12  offset-sm-0 offset-lg-0  d-block d-sm-block d-lg-block\"><div class=\"mxm_wysiwyg default d-inline\">\r\n\t<p>Gem\u00e4ss \u00a7 43 der Verordnung \u00fcber die Volksschule stehen die Sch\u00fcler*innen auf dem Schulweg unter der Verantwortung der Erziehungsberechtigten.<\/p><p>Der Weg zur Schule hat f\u00fcr viele Kinder eine besondere Bedeutung. Auf dem Schulweg erz\u00e4hlen sich die Kinder, was sie am Vortag oder in der Schule erlebt haben. Hier werden wichtige soziale Erfahrungen gemacht. Der Schulweg zu Fuss ist ein guter Ausgleich zum langen Sitzen.<\/p><p>Schulrat und Lehrpersonen empfehlen den Eltern, ihre Kinder den Schulweg zu Fuss zur\u00fccklegen zu lassen. Aus verschiedenen Gr\u00fcnden (Verkehrsaufkommen, steile Strassen, viele Fussg\u00e4nger, ...) und der daraus resultierenden Unfallgefahren raten wir vom Gebrauch von Scooter, Kickboard, Inline-Skates o.\u00c4. auf dem Schulweg ab.<\/p><p><a href=\"\/primarschule\/wp-content\/uploads\/2018\/07\/2017_Merkblatt_Vorbereitung-auf-den-Schulweg.pdf\">Merkblatt zur Vorbereitung auf den Schulweg (Kantonspolizei) (PDF)<\/a><\/p>\r\n<\/div><\/div><\/div>\r\n                        <\/div>\r\n                    <\/div>\r\n                <\/div>\r\n                <div class=\"accordion-group\">\r\n                    <div class=\"accordion-heading\">\r\n                        <a class=\"accordion-toggle collapsed\" data-toggle=\"collapse\" data-parent=\"a\" href=\"#accordion-964\">\r\n                            <em class=\"icon-fixed-width fa fa-plus\"><\/em>\r\n                                Schulweg &#8211; Schulwegplan\r\n                        <\/a>\r\n                    <\/div>\r\n                    <div style=\"height: 0px;\" id=\"accordion-964\" class=\"accordion-body collapse \">\r\n                        <div class=\"accordion-inner\">\r\n                            <div class=\"row\"><div class=\"col-12 col-sm-12 col-lg-12  offset-sm-0 offset-lg-0  d-block d-sm-block d-lg-block\"><div class=\"mxm_wysiwyg default d-inline\">\r\n\t<p>In den Sommerferien und zu Beginn eines Schuljahres stellen wir immer wieder fest, wie Eltern mit ihren Kindern, die neu in den Kindergarten oder in die Schule kommen, den Schulweg mit in beide Richtungen \u00fcben. Das ist sehr verantwortungsbewusst und erfreulich.<\/p><p>Der Schulweg hat f\u00fcr die Pers\u00f6nlichkeitsentwicklung eines Kindes eine grosse Bedeutung. Kinder lernen einen Weg selbst\u00e4ndig und ohne Aufsicht zu gehen. Wichtig ist, dass Eltern den Schulweg mit ihren Kindern planen. Dabei ist es hilfreich, wenn sich benachbarte Eltern absprechen und gegenseitig unterst\u00fctzen. Welcher ist der sicherste Weg? Lohnt es sich bez\u00fcglich Sicherheit einen kleinen Umweg zu machen?<\/p><p>Die Gemeinde hat einen Plan erstellt, auf dem die Schulwege eingezeichnet sind. Der Plan dient zur Orientierung und als Empfehlung f\u00fcr Eltern und deren Kinder.<\/p><p><a href=\"\/primarschule\/wp-content\/uploads\/2018\/07\/20110810-Schulwegplan.pdf\" target=\"_blank\" rel=\"noopener noreferrer\">Schulwegplan (PDF)<\/a><\/p>\r\n<\/div><\/div><\/div>\r\n                        <\/div>\r\n                    <\/div>\r\n                <\/div>\r\n                <div class=\"accordion-group\">\r\n                    <div class=\"accordion-heading\">\r\n                        <a class=\"accordion-toggle collapsed\" data-toggle=\"collapse\" data-parent=\"a\" href=\"#accordion-971\">\r\n                            <em class=\"icon-fixed-width fa fa-plus\"><\/em>\r\n                                Schulzahnpflege\r\n                        <\/a>\r\n                    <\/div>\r\n                    <div style=\"height: 0px;\" id=\"accordion-971\" class=\"accordion-body collapse \">\r\n                        <div class=\"accordion-inner\">\r\n                            <div class=\"row\"><div class=\"col-12 col-sm-12 col-lg-12  offset-sm-0 offset-lg-0  d-block d-sm-block d-lg-block\"><div class=\"mxm_wysiwyg default d-inline\">\r\n\t<p>F\u00fcr den j\u00e4hrlichen zahn\u00e4rztlichen Untersuch erhalten alle Schul- und Kindergartenkinder zu Beginn des Schuljahres einen Gutschein, einl\u00f6sbar bei einem Zahnarzt\/ einer Zahn\u00e4rztin nach eigener Wahl in der Schweiz. Der Gutschein verf\u00e4llt am Ende des entsprechenden Kindergarten- bzw. Schuljahres.<\/p>\r\n<\/div><\/div><\/div>\r\n                        <\/div>\r\n                    <\/div>\r\n                <\/div>\r\n                <div class=\"accordion-group\">\r\n                    <div class=\"accordion-heading\">\r\n                        <a class=\"accordion-toggle collapsed\" data-toggle=\"collapse\" data-parent=\"a\" href=\"#accordion-975\">\r\n                            <em class=\"icon-fixed-width fa fa-plus\"><\/em>\r\n                                Sonderschulungsangebote\r\n                        <\/a>\r\n                    <\/div>\r\n                    <div style=\"height: 0px;\" id=\"accordion-975\" class=\"accordion-body collapse \">\r\n                        <div class=\"accordion-inner\">\r\n                            <div class=\"row\"><div class=\"col-12 col-sm-12 col-lg-12  offset-sm-0 offset-lg-0  d-block d-sm-block d-lg-block\"><div class=\"mxm_wysiwyg default d-inline\">\r\n\t<p>Unsere Schule verf\u00fcgt \u00fcber ein umfangreiches Sonderschulungsangebot. N\u00f6tige Massnahmen werden in allen F\u00e4llen in Zusammenarbeit mit dem Abteilung Schulpsychologie, den Klassenlehrpersonen und den Eltern abgesprochen.<\/p>\r\n<\/div><\/div><\/div>\r\n                        <\/div>\r\n                    <\/div>\r\n                <\/div>\r\n                <div class=\"accordion-group\">\r\n                    <div class=\"accordion-heading\">\r\n                        <a class=\"accordion-toggle collapsed\" data-toggle=\"collapse\" data-parent=\"a\" href=\"#accordion-977\">\r\n                            <em class=\"icon-fixed-width fa fa-plus\"><\/em>\r\n                                Spielgruppe\r\n                        <\/a>\r\n                    <\/div>\r\n                    <div style=\"height: 0px;\" id=\"accordion-977\" class=\"accordion-body collapse \">\r\n                        <div class=\"accordion-inner\">\r\n                            <div class=\"row\"><div class=\"col-12 col-sm-12 col-lg-12  offset-sm-0 offset-lg-0  d-block d-sm-block d-lg-block\"><div class=\"mxm_wysiwyg default d-inline\">\r\n\t<p><a href=\"https:\/\/die-spielgruppe-wollerau.ch\/\">Spielgruppe F\u00fcchsli<\/a><\/p><p><a href=\"http:\/\/www.spielgruppe-wollerau.ch\/\">Spielgruppe Wollerau<\/a><\/p>\r\n<\/div><\/div><\/div>\r\n                        <\/div>\r\n                    <\/div>\r\n                <\/div>\r\n                <div class=\"accordion-group\">\r\n                    <div class=\"accordion-heading\">\r\n                        <a class=\"accordion-toggle collapsed\" data-toggle=\"collapse\" data-parent=\"a\" href=\"#accordion-979\">\r\n                            <em class=\"icon-fixed-width fa fa-plus\"><\/em>\r\n                                Stichtage\r\n                        <\/a>\r\n                    <\/div>\r\n                    <div style=\"height: 0px;\" id=\"accordion-979\" class=\"accordion-body collapse \">\r\n                        <div class=\"accordion-inner\">\r\n                            <div class=\"row\"><div class=\"col-12 col-sm-12 col-lg-12  offset-sm-0 offset-lg-0  d-block d-sm-block d-lg-block\"><div class=\"mxm_wysiwyg default d-inline\">\r\n\t<\/div><div>\u00a0<\/div><div class=\"col-12 col-sm-12 col-lg-12  offset-sm-0 offset-lg-0  d-block d-sm-block d-lg-block\">Jedes Kind, das bis 31. Mai das 5. Altersjahr vollendet hat, ist schulpflichtig und besucht im n\u00e4chsten Schuljahr den obligatorischen Kindergarten (\u00a7 5 Abs. 1, SRSZ 611.210).<\/div><div class=\"col-12 col-sm-12 col-lg-12  offset-sm-0 offset-lg-0  d-block d-sm-block d-lg-block\"><p>Der Stichtag f\u00fcr das freiwillige erste Kindergartenjahr ist sinngem\u00e4ss um ein Jahr fr\u00fcher als beim obligatorischen Kindergarten.<\/p><p><a href=\"https:\/\/www.sz.ch\/public\/upload\/assets\/10802\/Schulpflichttabelle.pdf?fp=10\">Stichtage - Schulpflichttabelle<\/a><\/p>\r\n<\/div><\/div><\/div>\r\n                        <\/div>\r\n                    <\/div>\r\n                <\/div>\r\n                <div class=\"accordion-group\">\r\n                    <div class=\"accordion-heading\">\r\n                        <a class=\"accordion-toggle collapsed\" data-toggle=\"collapse\" data-parent=\"a\" href=\"#accordion-981\">\r\n                            <em class=\"icon-fixed-width fa fa-plus\"><\/em>\r\n                                Stundenplan\r\n                        <\/a>\r\n                    <\/div>\r\n                    <div style=\"height: 0px;\" id=\"accordion-981\" class=\"accordion-body collapse \">\r\n                        <div class=\"accordion-inner\">\r\n                            <div class=\"row\"><div class=\"col-12 col-sm-12 col-lg-12  offset-sm-0 offset-lg-0  d-block d-sm-block d-lg-block\"><div class=\"mxm_wysiwyg default d-inline\">\r\n\t<h4>Kindergarten<\/h4><h6><strong>Freiwilliger Kindergarten (KG1)<\/strong><\/h6><h6>Vormittage (08.25-11.25) : Montag, Mittwoch, Donnerstag<\/h6><h6>Nachmittage (13.20-14.55): Dienstag &amp; Donnerstag<\/h6><h6><strong>Obligatorischer Kindergarten (KG2)<\/strong><\/h6><h6>Vormittage (08.25-11.25) : Montag, Dienstag, Mittwoch, Donnerstag, Freitag<\/h6><h6>Nachmittage (13.20-14.55): Montag &amp; Freitag<\/h6><h4>Primarschule<\/h4><h6><strong>1. Klasse<\/strong><\/h6><h6>Vormittage (08.05-11.25) : Montag - Freitag<\/h6><h6>Nachmittage (13.20-14.55): Montag &amp; Donnerstag ODER Dienstag &amp; Freitag - im Halbklassenunterricht<\/h6><h6><strong>2. Klasse<\/strong><\/h6><h6>Vormittage (08.05-11.25) : Montag - Freitag<\/h6><h6>Nachmittage (13.20-14.55): Montag\u00a0 &amp; Donnerstag ganze Klasse, sowie Dienstag ODER Freitag - im Halbklassenunterricht. Der Religionsunterricht findet am Montag oder Donnerstag von 15.10-15.55 statt.<\/h6><h6><strong>3. Klasse-6. Klasse<\/strong><\/h6><h6>Vormittage (08.05-11.25) : Montag - Freitag<\/h6><h6>Nachmittage (13.20-14.55): Montag , Dienstag, Donnerstag, Freitag. An einzelnen Tagen kann der Unterricht bis 15.55 stattfinden. Der Religionsunterricht findet ebenfalls an einem Nachmittag von 15.10-15.55 statt.<\/h6>\r\n<\/div><\/div><\/div>\r\n                        <\/div>\r\n                    <\/div>\r\n                <\/div>\r\n        <\/div>\r\n        <!-- end accordion -->\r\n    <\/div>\r\n<\/div><\/div><\/div>","protected":false},"excerpt":{"rendered":"","protected":false},"author":1,"featured_media":0,"parent":210,"menu_order":15,"comment_status":"closed","ping_status":"closed","template":"pagetemplates\/page_accordion.php","meta":{"_mi_skip_tracking":false,"_links_to":"","_links_to_target":""},"yst_prominent_words":[],"_links":{"self":[{"href":"https:\/\/www.musikschule-wollerau.ch\/primarschule\/wp-json\/wp\/v2\/pages\/780"}],"collection":[{"href":"https:\/\/www.musikschule-wollerau.ch\/primarschule\/wp-json\/wp\/v2\/pages"}],"about":[{"href":"https:\/\/www.musikschule-wollerau.ch\/primarschule\/wp-json\/wp\/v2\/types\/page"}],"author":[{"embeddable":true,"href":"https:\/\/www.musikschule-wollerau.ch\/primarschule\/wp-json\/wp\/v2\/users\/1"}],"replies":[{"embeddable":true,"href":"https:\/\/www.musikschule-wollerau.ch\/primarschule\/wp-json\/wp\/v2\/comments?post=780"}],"version-history":[{"count":3,"href":"https:\/\/www.musikschule-wollerau.ch\/primarschule\/wp-json\/wp\/v2\/pages\/780\/revisions"}],"predecessor-version":[{"id":2530,"href":"https:\/\/www.musikschule-wollerau.ch\/primarschule\/wp-json\/wp\/v2\/pages\/780\/revisions\/2530"}],"up":[{"embeddable":true,"href":"https:\/\/www.musikschule-wollerau.ch\/primarschule\/wp-json\/wp\/v2\/pages\/210"}],"wp:attachment":[{"href":"https:\/\/www.musikschule-wollerau.ch\/primarschule\/wp-json\/wp\/v2\/media?parent=780"}],"wp:term":[{"taxonomy":"yst_prominent_words","embeddable":true,"href":"https:\/\/www.musikschule-wollerau.ch\/primarschule\/wp-json\/wp\/v2\/yst_prominent_words?post=780"}],"curies":[{"name":"wp","href":"https:\/\/api.w.org\/{rel}","templated":true}]}}